{"id":4223,"date":"2021-08-30T19:07:42","date_gmt":"2021-08-30T19:07:42","guid":{"rendered":"https:\/\/www.eckerle-gruppe.com\/?page_id=4223"},"modified":"2024-05-13T09:39:08","modified_gmt":"2024-05-13T09:39:08","slug":"notificari-de-confidentialitate","status":"publish","type":"page","link":"https:\/\/www.eckerle-gruppe.com\/ro\/notificari-de-confidentialitate\/","title":{"rendered":"Notific\u0103ri de confiden\u021bialitate"},"content":{"rendered":"\n<h3 class=\"wp-block-heading\">1. Introducere<\/h3>\n\n\n\n<p>Dorim s\u0103 utiliz\u0103m informa\u021biile de mai jos pentru a v\u0103 oferi, \u00een calitate de \u201epersoan\u0103 vizat\u0103\u201d, o imagine de ansamblu referitoare la utilizarea datelor dumneavoastr\u0103 cu caracter personal \u0219i a drepturilor pe care le ave\u021bi conform legii de protec\u021bie a datelor. Pute\u021bi \u00een general utiliza site-ul nostru web f\u0103r\u0103 a introduce date personale. \u00cens\u0103, \u00een cazul \u00een care dori\u021bi s\u0103 utiliza\u021bi serviciile speciale oferite de compania noastr\u0103 prin intermediul site-ului nostru, prelucrarea datelor cu caracter personal poate fi necesar\u0103. \u00cen cazul \u00een care este necesar\u0103 prelucrarea datelor dvs. cu caracter personal \u00een lipsa unei baze legale \u00een acest sens, vom ob\u021bine ca regul\u0103 general\u0103, consim\u021b\u0103m\u00e2ntul dumneavoastr\u0103.<\/p>\n\n\n\n<p>Datele cu caracter personal, ca de ex. numele, adresa sau adresa de e-mail, se prelucreaz\u0103 \u00een conformitate cu Regulamentul general UE de protec\u021bie a datelor (GDPR) \u0219i \u00een conformitate cu reglement\u0103rile specifice \u021b\u0103rii privind protec\u021bia datelor \u201eEckerle Holding GmbH\u201d. Scopul prezentei Notific\u0103ri de confiden\u021bialitate este de a v\u0103 informa cu privire la utilizarea datelor cu caracter personal pe care le colect\u0103m, utiliz\u0103m \u0219i proces\u0103m.<\/p>\n\n\n\n<p>\u00cen calitate de operator de date, am implementat numeroase m\u0103suri tehnice \u0219i organizatorice \u00een scopul asigur\u0103rii, la cele mai \u00eenalte standarde, a m\u0103surilor de protec\u021bie a datelor cu caracter personal prelucrate prin intermediul acestui site web. Cu toate acestea, comunicarea de date pe internet poate avea lacune de securitate, astfel \u00eenc\u00e2t protec\u021bia absolut\u0103 nu poate fi garantat\u0103. Din acest motiv, pute\u021bi s\u0103 ne transmite\u021bi&nbsp; date personale pe c\u0103i alternative, ca de ex. prin telefon sau prin po\u0219t\u0103.<\/p>\n\n\n\n<h3 class=\"wp-block-heading\">2. Controlor de date<\/h3>\n\n\n\n<p>Controlorul de date, conform GDPR, este:<\/p>\n\n\n\n<p>Eckerle Holding GmbH<br>Industriestra\u00dfe 15, 77833 Ottersweier, Germania<\/p>\n\n\n\n<p>Tel.: 07223 \/ 9843-0<\/p>\n\n\n\n<p>Fax: 07223 \/ 9843-134<\/p>\n\n\n\n<p>Email:&nbsp;<a href=\"mailto:info@de.eckerle-gruppe.com\">info@de.eckerle-gruppe.com<\/a><\/p>\n\n\n\n<p>Reprezentan\u021bi Controlor de Date:<\/p>\n\n\n\n<h3 class=\"wp-block-heading\">3. Ofi\u021ber responsabil de protec\u021bia datelor<\/h3>\n\n\n\n<p>Pute\u021bi contacta responsabilul de protec\u021bia datelor astfel:<\/p>\n\n\n\n<p>E-mail: <a href=\"mailto:datenschutz@de.eckerle-gruppe.com\">datenschutz@de.eckerle-gruppe.com<\/a><\/p>\n\n\n\n<p>Pute\u021bi contacta direct responsabilul nostru de protec\u021bia datelor \u00een orice moment dac\u0103 ave\u021bi \u00eentreb\u0103ri sau sugestii cu privire la protec\u021bia datelor.<\/p>\n\n\n\n<h3 class=\"wp-block-heading\">4. Technologie<\/h3>\n\n\n\n<h4 class=\"wp-block-heading\">4.1 Criptare SSL\/TLS<\/h4>\n\n\n\n<p>Site-ul utilizeaz\u0103 criptare SSL sau TLS pentru a asigura siguran\u021ba prelucr\u0103rii datelor \u0219i pentru a proteja transmiterea de con\u021binut confiden\u021bial, ca de ex. comenzi, detalii de conectare sau solicit\u0103ri de contact pe care le transmite\u021bi \u00een calitate de operator al site-ului. Pute\u021bi recunoa\u0219te conexiunea criptat\u0103 \u00een cazul \u00een care bara de adrese a browserului dvs. indic\u0103 \u201ehttps:\/\/\u00een loc de \u201ehttp:\/\/\u201d \u0219i simbolul de blocare din bara browserului.<\/p>\n\n\n\n<p>Folosim aceast\u0103 tehnologie pentru a proteja datele transmise de dvs.<\/p>\n\n\n\n<h4 class=\"wp-block-heading\">4.2 Colectarea datelor la vizitarea site-ului web<\/h4>\n\n\n\n<p>\u00cen cazul \u00een care utiliza\u021bi site-ul nostru web doar \u00een scopuri informative \u0219i nu v\u0103 \u00eenregistra\u021bi sau furniza\u021bi \u00een orice alt mod informa\u021bii, colect\u0103m doar datele pe care browserul dvs. le transmite serverului nostru (\u00een \u201efi\u0219iere jurnal de server\u201d). Site-ul nostru web colecteaz\u0103 o serie de date \u0219i informa\u021bii generale de fiecare dat\u0103 c\u00e2nd accesa\u021bi site-ul web sau sistemul automat. Aceste date \u0219i informa\u021bii generale sunt stocate \u00een fi\u0219ierele jurnal ale serverului. Pot fi colectate date despre:<\/p>\n\n\n\n<ol class=\"wp-block-list\">\n<li>sistemul de operare utilizat de sistemul de accesare,<\/li>\n\n\n\n<li>site-ul web de pe care un sistem de accesare acceseaz\u0103 site-ul nostru web (numit site de reerin\u021b\u0103),<\/li>\n\n\n\n<li>paginileadiacente \u00a0accesate printr-un sistem de accesare pe site-ul nostru web,<\/li>\n\n\n\n<li>data \u0219i ora la care site-ul este accesat,\u00e2<\/li>\n\n\n\n<li>adresa de protocol de internet trunchiat\u0103 (adres\u0103 IP anonimizat\u0103) \u0219i<\/li>\n\n\n\n<li>furnizorul de servicii de internet al sistemului de accesare.<\/li>\n<\/ol>\n\n\n\n<p>Nu se formuleaz\u0103 concluzii despre dvs. \u00een cazul \u00een care utiliza\u021bi aceste date \u0219i informa\u021bii generale. \u00cen schimb, informa\u021biile sunt necesare pentru:<\/p>\n\n\n\n<ol class=\"wp-block-list\">\n<li>prezentarea \u00een mod corespunz\u0103tor a con\u021binutului site-ului nostru web,<\/li>\n\n\n\n<li>optimizarea con\u021binutului site-ului nostru web, \u0219i pentru publicitate,<\/li>\n\n\n\n<li>a asigura func\u021bionarea continu\u0103 a sistemelor noastre IT \u0219i a tehnologiei site-ului nostru<\/li>\n\n\n\n<li>furnizarea informa\u021biilor necesare autorit\u0103\u021bilor de implementare a legii \u0219i pentru desf\u0103\u0219urarea procedurilor judiciare \u00een cazul unui atac cibernetic.<\/li>\n<\/ol>\n\n\n\n<p>Aceste date \u0219i informa\u021bii colectate sunt, prin urmare, analizate statistic, cu scopul de a cre\u0219te protec\u021bia \u0219i securitatea datelor \u00een cadrul companiei noastre, cu scopul de a asigura \u00een cele din urm\u0103 un nivel optim de protec\u021bie a datelor cu caracter personal procesate de noi. Datele anonime din fi\u0219ierele jurnal ale serverului sunt stocate separat de datele personale furnizate de persoana vizat\u0103.<\/p>\n\n\n\n<p>Temeiul legal pentru prelucrarea datelor este art. 6 al. 1 teza 1 litera (f) GDPR. Interesul nostru legitim are la baz\u0103 scopurile enumerate mai sus \u00een cazul colect\u0103rii datelor.<\/p>\n\n\n\n<h3 class=\"wp-block-heading\">5. Fi\u0219iere temporare\/cookies<\/h3>\n\n\n\n<h4 class=\"wp-block-heading\">5.1 Informa\u021bii generale despre fi\u0219iere temporare \/cookies<\/h4>\n\n\n\n<p>Utiliz\u0103m fi\u0219iere temporare\/ cookie-uri pe site-ul nostru web. Cookie-urile sunt fi\u0219iere mici create automat de browser-ul dvs. \u0219i stocate pe sistemul dvs. IT (laptop, tablet\u0103, smartphone etc.) \u00een momentul \u00een care vizita\u021bi site-ul nostru web.<\/p>\n\n\n\n<p>Informa\u021biile generate referitoare la dispozitivul specific utilizat sunt stocate \u00een cookie-uri. Procedura nu ne d\u0103 dreptul \u00eens\u0103 s\u0103 acces\u0103m imediat informa\u021bii despre identitatea dvs.<\/p>\n\n\n\n<p>Utilizarea de cookie-uri permite o mai bun\u0103 utilizare a site-ului nostru. Utiliz\u0103m de ex. cookie-uri de sesiune pentru a ne informa dac\u0103 a\u021bi vizitat deja pagini individuale de pe site-ul nostru. Acestea sunt \u0219terse automat \u00een momentul \u00een care p\u0103r\u0103si\u021bi site-ul nostru.<\/p>\n\n\n\n<p>Utiliz\u0103m de asemenea cookie-uri temporare pentru a optimiza modalit\u0103\u021bile de utilizare a site-ului. Aceste cookie-uri sunt stocate pe dispozitivul dvs. o anumit\u0103 perioad\u0103 de timp. \u00cen cazul \u00een care reveni\u021bi pe site-ul nostru pentru a ne utiliza serviciile, cookie-urile ne vor informa automat c\u0103 a\u021bi vizitat site-ul nostru anterior \u0219i vor reitera acces\u0103rile \u0219i set\u0103rile pe care le-a\u021bi f\u0103cut, astfel \u00eenc\u00e2t s\u0103 nu fie nevoie s\u0103 le introduce\u021bi din nou.<\/p>\n\n\n\n<p>De asemenea, utiliz\u0103m cookie-uri pentru a realiza statistica de utilizare a site-ului nostru web \u0219i pentru a realiza analiza statistic\u0103 \u00een scopul optimiz\u0103rii serviciilor noastre. Aceste cookie-uri ne permit s\u0103 recunoa\u0219tem automat c\u0103 ne vor informa automat c\u0103 a\u021bi vizitat site-ul nostru \u0219i anterior. Aceste cookie-uri sunt \u0219terse automat dup\u0103 o perioad\u0103 de timp bine stabilite.<\/p>\n\n\n\n<h3 class=\"wp-block-heading\">6. Con\u021binuturile site-ului website<\/h3>\n\n\n\n<h4 class=\"wp-block-heading\">6.1 Contact\/formular de contact<\/h4>\n\n\n\n<p>Datele personale sunt colectate \u00een momentul \u00een care ne contacta\u021bi (de ex, c\u00e2nd utiliza\u021bi formularul nostru de contact sau prin e-mail). \u00cen cazul \u00een care utiliza\u021bi un formular de contact pentru a intra \u00een contact cu noi, formularul de contact pe care \u00eel utiliza\u021bi va indica datele colectate. Aceste date sunt stocate \u0219i utilizate exclusiv cu scopul de a r\u0103spunde \u00eentreb\u0103rii dvs. sau de a stabili contactul \u0219i asisten\u021ba tehnic\u0103 asociat\u0103. Temeiul legal de prelucrare a datelor este interesul nostru legitim de a r\u0103spunde solicit\u0103rii dvs. \u00een conformitate cu art. 6 al. (1) lit. (f) GDPR. Dac\u0103 ne contacta\u021bi cu scopul de a \u00eencheia un contract, prelucrarea datelor personale are la baz\u0103 art. 6 alineatul (1) litera (b) GDPR. Datele dvs. vor fi \u0219terse la finalizarea procesului de interogare. Astfel, aspectele relevante se clarific\u0103 de manier\u0103 concludent\u0103, f\u0103r\u0103 obliga\u021bii legale de arhivare care s\u0103 \u00eempiedice \u0219tergerea acestora.<\/p>\n\n\n\n<h4 class=\"wp-block-heading\">6.2 Managementul aplica\u021biilor\/schimb de locuri de munc\u0103<\/h4>\n\n\n\n<p>Colect\u0103m \u0219i proces\u0103m datele personale ale solicitan\u021bilor \u00een scopul derul\u0103rii procesului de solicitare de informa\u021bii\/de \u00eenregistrare. Prelucrarea datelor se poate efectua \u0219i electronic. Procesarea electronic\u0103 se realizeaz\u0103 \u00een special \u00een cazul \u00een care solicitantul transmite documentele de cerere corespunz\u0103toare \u00een format electronic, de ex. prin e-mail sau prin formularul web de pe site. \u00cen cazul \u00een care se \u00eencheie contractul de munc\u0103 cu solicitantul, datele transmise vor fi stocate \u00een scopul prelucr\u0103rii raportului de munc\u0103 cu respectarea prevederilor statutare. \u00cen cazul \u00een care nu se \u00eencheie contractul de munc\u0103 cu solicitantul, documentele de aplicare vor fi \u0219terse automat la dou\u0103 (2) luni de la notificarea deciziei de respingere, cu condi\u021bia ca niciun alt interes legitim al nostru s\u0103 nu \u00eempiedice \u0219tergerea acestora. Alte interese legitime \u00een acest context includ, de ex., obliga\u021bia de a furniza probe \u00een cadrul procedurilor \u00een temeiul Legii germane privind egalitatea de tratament (Allgemeines Gleichbehandlungsgesetz [AGG]).<\/p>\n\n\n\n<p>Temeiul legal pentru prelucrarea datelor este articolul 88 GDPR, \u00a7 26 I BDSG<\/p>\n\n\n\n<h3 class=\"wp-block-heading\">7. Activit\u0103\u021bile noastre \u00een re\u021belele sociale<\/h3>\n\n\n\n<p>Pentru a comunica cu dvs. pe re\u021belele sociale \u0219i pentru a v\u0103 informa despre serviciile noastre, derul\u0103m propriile pagini pe aceste re\u021bele sociale. \u00cen cazul \u00een care vizita\u021bi una dintre paginile noastre de social media, noi \u0219i furnizorul re\u021belei de social media suntem co-operatori (art. 26 GDPR) \u00een raport de opera\u021biunile de prelucrare a datelor cu caracter personal declan\u0219ate prin aceasta.<\/p>\n\n\n\n<p>Nu suntem furnizorul ini\u021bial al acestor pagini, ci le utiliz\u0103m doar \u00een sfera op\u021biunilor oferite nou\u0103 de furnizorii respectivi.<\/p>\n\n\n\n<p>Prin urmare, dorim ca m\u0103sur\u0103 de precau\u021bie s\u0103 subliniem faptul c\u0103 datele dvs. pot fi prelucrate \u0219i \u00een afara Uniunii Europene sau a Spa\u021biului Economic European. Prin urmare, utilizarea acestor re\u021bele poate implica riscuri de protec\u021bie a datelor dvs., av\u00e2nd \u00een vedere c\u0103 protec\u021bia drepturilor dvs. poate fi dificil\u0103, de ex. drepturile dvs. la informare, la anulare, la obiec\u021bie etc. Prelucrarea datelor personale pe re\u021belele de socializare are loc frecvent \u00een mod direct \u00een scopuri publicitare sau pentru analiza comportamentului utilizatorilor de c\u0103tre furnizorii de re\u021bea, iar noi neav\u00e2nd control asupra acestui lucru. \u00cen cazul \u00een care furnizorul creeaz\u0103 profiluri de utilizator, cookie-urile sunt adesea utilizate sau comportamentul utilizatorului poate fi atribuit direct propriului profil de membru de pe re\u021beaua social\u0103 respectiv\u0103 (dac\u0103 sunte\u021bi autentificat).<\/p>\n\n\n\n<p>Opera\u021biunile de prelucrare a datelor cu caracter personal descrise sunt efectuate \u00een conformitate cu art. 6 al. (1) lit. (f) GDPR pe baza intereselor noastre legitime \u0219i a intereselor legitime ale furnizorului respectiv pentru a comunica cu dvs. \u00een timp util sau pentru a v\u0103 informa despre serviciile noastre. \u00cen cazul \u00een care trebuie s\u0103 v\u0103 acorda\u021bi consim\u021b\u0103m\u00e2ntul furnizorilor respectivi pentru prelucrarea datele \u00een calitate de utilizator, temeiul legal este art. 6 al. (1) lit. (a) GDPR coroborat cu art. 7 GDPR.<\/p>\n\n\n\n<p>Pentru c\u0103 nu avem acces la bazele de date ale acestor furnizori, dorim s\u0103 subliniem faptul c\u0103 pentru a v\u0103 exercita drepturile (de exemplu, la informare, rectificare, \u0219tergere etc.) ve\u021bi lua leg\u0103tura direct cu furnizorul respectiv. Mai multe informa\u021bii despre prelucrarea datelor dvs. pe re\u021belele sociale \u0219i op\u021biunile dvs. de exercitare a dreptului dvs. de a v\u0103 opune sau a dreptului dvs. de revocare (opt out) sunt enumerate mai jos pentru fiecare dintre furnizorii de re\u021bele sociale pe care \u00eei folosim:<\/p>\n\n\n\n<h4 class=\"wp-block-heading\">7.1 Facebook<\/h4>\n\n\n\n<p>(\u00cen comun) Operatorul de date responsabil de prelucrarea datelor \u00een Europa:<\/p>\n\n\n\n<p>Facebook Ireland Ltd, 4 Grand Canal Square, Grand Canal Harbour, Dublin 2, Irlanda<\/p>\n\n\n\n<p>Notificare de confiden\u021bialitate (Politica de date):<\/p>\n\n\n\n<figure class=\"wp-block-embed\"><div class=\"wp-block-embed__wrapper\">\nhttps:\/\/www.facebook.com\/about\/privacy\n<\/div><\/figure>\n\n\n\n<p>Set\u0103ri de renun\u021bare \u0219i de publicitate:<\/p>\n\n\n\n<figure class=\"wp-block-embed\"><div class=\"wp-block-embed__wrapper\">\nhttps:\/\/www.facebook.com\/ads\/preferences\/?entry_product=ad_settings_screen\n<\/div><\/figure>\n\n\n\n<figure class=\"wp-block-embed\"><div class=\"wp-block-embed__wrapper\">\nhttps:\/\/facebook.com\/about\/privacy\n<\/div><\/figure>\n\n\n\n<h4 class=\"wp-block-heading\">7.2 Instagram<\/h4>\n\n\n\n<p>(\u00cen comun) Operatorul de date responsabil de prelucrarea datelor \u00een Europa:<\/p>\n\n\n\n<p>Facebook Ireland Ltd, 4 Grand Canal Square, Grand Canal Harbour, Dublin 2, Irlanda<\/p>\n\n\n\n<p>Notificare de confiden\u021bialitate (Politica de date):<\/p>\n\n\n\n<p>http:\/\/instagram.com\/legal\/privacy\/<\/p>\n\n\n\n<p>Set\u0103ri de renun\u021bare \u0219i de publicitate:<\/p>\n\n\n\n<figure class=\"wp-block-embed\"><div class=\"wp-block-embed__wrapper\">\nhttps:\/\/www.instagram.com\/accounts\/privacy_and_security\n<\/div><\/figure>\n\n\n\n<h4 class=\"wp-block-heading\">7.3 LinkedIn<\/h4>\n\n\n\n<p>(\u00cen comun) Operatorul de date responsabil de prelucrarea datelor \u00een Europa:<\/p>\n\n\n\n<p>LinkedIn Ireland Unlimited Company, Wilton Place, Dublin 2, Irlanda<\/p>\n\n\n\n<p>Notificare de confiden\u021bialitate:<\/p>\n\n\n\n<figure class=\"wp-block-embed\"><div class=\"wp-block-embed__wrapper\">\nhttps:\/\/www.linkedin.com\/legal\/privacy-policy\n<\/div><\/figure>\n\n\n\n<p>Set\u0103ri de renun\u021bare \u0219i de publicitate:<\/p>\n\n\n\n<figure class=\"wp-block-embed\"><div class=\"wp-block-embed__wrapper\">\nhttps:\/\/www.linkedin.com\/psettings\/guest-controls\/retargeting-opt-out\n<\/div><\/figure>\n\n\n\n<h4 class=\"wp-block-heading\">7.4 XING<\/h4>\n\n\n\n<p>(\u00cen comun) Operatorul de date responsabil cu prelucrarea datelor \u00een Germania:<\/p>\n\n\n\n<p>XING AG, Dammtorstrasse 29\u201332, 20354 Hamburg, Germania<\/p>\n\n\n\n<p>Notificare de confiden\u021bialitate:<\/p>\n\n\n\n<figure class=\"wp-block-embed\"><div class=\"wp-block-embed__wrapper\">\nhttps:\/\/privacy.xing.com\/de\/datenschutzerklaerung\n<\/div><\/figure>\n\n\n\n<p>Solicit\u0103ri de informa\u021bii pentru membrii XING:<\/p>\n\n\n\n<figure class=\"wp-block-embed\"><div class=\"wp-block-embed__wrapper\">\nhttps:\/\/www.xing.com\/settings\/privacy\/data\/disclosure\n<\/div><\/figure>\n\n\n\n<h3 class=\"wp-block-heading\">8. Drepturile dvs. ca persoan\u0103 vizat\u0103<\/h3>\n\n\n\n<h4 class=\"wp-block-heading\">8.1 Dreptul la confirmare<\/h4>\n\n\n\n<p>Ave\u021bi dreptul de a ne solicita confirmarea \u00een cazul \u00een care datele personale care v\u0103 privesc vor fi prelucrate.<\/p>\n\n\n\n<h4 class=\"wp-block-heading\">8.2 Dreptul la informare (articolul 15 GDPR)<\/h4>\n\n\n\n<p>Ave\u021bi dreptul de a ob\u021bine informa\u021bii cu privire la datele personale stocate despre dvs., \u00een mod gratuit, precum \u0219i dreptul de a accesa o copie a acestor date de la noi, \u00een conformitate cu prevederile legale.<\/p>\n\n\n\n<h4 class=\"wp-block-heading\">8.3 Dreptul la rectificare (articolul 16 GDPR)<\/h4>\n\n\n\n<p>Ave\u021bi dreptul de a solicita rectificarea imediat\u0103 a datelor dvs. cu caracter personal incorecte. \u00cen plus, persoana vizat\u0103 are dreptul de a solicita completarea datelor cu caracter personal incomplete, \u021bin\u00e2nd cont de scopurile prelucr\u0103rii.<\/p>\n\n\n\n<h4 class=\"wp-block-heading\">8.4 \u0218tergerea (articolul 17 GDPR)<\/h4>\n\n\n\n<p>Ave\u021bi dreptul de a solicita ca datele dvs. cu caracter personal s\u0103 fie \u0219terse f\u0103r\u0103 \u00eent\u00e2rziere, cu condi\u021bia ca unul dintre motivele prev\u0103zute de lege s\u0103 se aplice \u0219i dac\u0103 nu este necesar\u0103 prelucrarea sau stocarea ulterioar\u0103.<\/p>\n\n\n\n<h4 class=\"wp-block-heading\">8.5 Restric\u021bii de prelucrare (articolul 18 GDPR)<\/h4>\n\n\n\n<p>Ave\u021bi dreptul de a solicita restric\u021bionarea prelucr\u0103rii datelor dvs. dac\u0103 una dintre cerin\u021bele legale este \u00eendeplinit\u0103.<\/p>\n\n\n\n<h4 class=\"wp-block-heading\">8.6 Transferabilitatea datelor (articolul 20 GDPR)<\/h4>\n\n\n\n<p>Ave\u021bi dreptul de a ob\u021bine datele dvs. cu caracter personal pe care ni le-a\u021bi furnizat \u00een format structurat, utilizat \u00een mod obi\u0219nuit \u0219i lizibil. De asemenea, ave\u021bi dreptul de a transfera aceste date unui alt operator c\u0103ruia i-au fost furnizate datele cu caracter personal, f\u0103r\u0103 restric\u021bii din partea noastr\u0103, cu condi\u021bia ca prelucrarea s\u0103 se bazeze pe consim\u021b\u0103m\u00e2ntul informat, \u00een conformitate cu art. 6 alin. (1) lit. (a) din GDPR sau art. 9 alin. (2). a) GDPR sau \u00een baza unui contract \u00een temeiul art. 6 alin. 1 lit. (b) GDPR, datele fiind prelucrate prin proceduri automate, cu excep\u021bia cazului \u00een care prelucrarea este necesar\u0103 la \u00eendeplinirea anumitor sarcini, este \u00een interes public sau se efectueaz\u0103 \u00een exercitarea sarcinilor oficiale care ne-au fost atribuite.<\/p>\n\n\n\n<p>\u00cen plus, la exercitarea dreptului dvs. de transferabilitate a datelor \u00een conformitate cu art. 20 alin. 1 GDPR, ave\u021bi dreptul de a transfera datele dvs. cu caracter personal direct de la un operator la altul, cu condi\u021bia transferul de date s\u0103 fie fezabil din punct de vedere tehnic \u0219i s\u0103 nu \u00eempiedice drepturile \u0219i libert\u0103\u021bile altor persoane.<\/p>\n\n\n\n<h4 class=\"wp-block-heading\">8.7 Obiec\u021bii (Articolul21 GDPR)<\/h4>\n\n\n\n<p>Ave\u021bi dreptul de a depune obiec\u021bii cu privire la prelucrarea datelor dvs. cu caracter personal din motive legate de situa\u021bia dvs. particular\u0103, \u00een cazul \u00een care aceasta se face \u00een baza art. 6 alin. (1) lit. (e) (prelucrarea datelor \u00een interes public) sau (f) ) (prelucrarea datelor conform intereselor legitime) GDPR.<\/p>\n\n\n\n<p>Prezenta se aplic\u0103 \u0219i profil\u0103rii bazate pe aceste prevederi \u00een conformitate cu art. 4 nr. 4 GDPR.<\/p>\n\n\n\n<p>\u00cen cazul \u00een care depune\u021bi obiec\u021bii, vom stopa prelucrarea datelor dvs. cu caracter personal \u00een cazul \u00een care furniza\u021bi motive conving\u0103toare \u0219i legitime \u00een astfel de situa\u021bii care dep\u0103\u0219esc interesele, drepturile \u0219i libert\u0103\u021bile dvs. sau \u00een cazul \u00een care prelucrarea datelor serve\u0219te la afirmarea, exercitarea sau ap\u0103rarea unor preten\u021bii legale.<\/p>\n\n\n\n<p>\u00cen situa\u021bii individuale, prelucr\u0103m datele dvs. cu caracter personal \u00een scopuri de marketing direct. Ave\u021bi dreptul de a v\u0103 opune prelucr\u0103rii datelor dvs. cu caracter personal \u00een scopuri de publicitate. Prezenta se aplic\u0103 \u0219i profil\u0103rii \u00een cazuri de marketing direct. \u00cen cazul \u00een care v\u0103 opune\u021bi prelucr\u0103rii datelor dvs. \u00een scopuri de marketing direct, vom stopa prelucrarea datelor dvs. cu caracter personal \u00een acest scop.<\/p>\n\n\n\n<p>\u00cen plus, ave\u021bi dreptul de a v\u0103 opune prelucr\u0103rii de c\u0103tre noi a datelor dvs. cu caracter personal \u00een scopuri de cercetare \u0219tiin\u021bific\u0103 sau istoric\u0103 sau \u00een scopuri statistice, \u00een conformitate cu art. 89 alin. 1 GDPR, din motive care decurg din situa\u021bia dvs. particular\u0103, cu excep\u021bia cazului \u00een care prelucrarea datelor personale este necesar\u0103 pentru realizarea sarcinilor de interes public.<\/p>\n\n\n\n<p>V\u0103 pute\u021bi exercita dreptul de a depune obiec\u021bii \u00een leg\u0103tur\u0103 cu utilizarea serviciilor societ\u0103\u021bii informa\u021bionale, f\u0103r\u0103 a aduce atingere Directivei 2002\/58\/CE, prin intermediul procedurilor automatizate care utilizeaz\u0103 specifica\u021bii tehnice.<\/p>\n\n\n\n<h4 class=\"wp-block-heading\">8.8 Revocarea consim\u021b\u0103m\u00e2ntului privind protec\u021bia datelor<\/h4>\n\n\n\n<p>Ave\u021bi dreptul de a revoca consim\u021b\u0103m\u00e2ntul acordat pentru prelucrarea datelor cu caracter personal \u00een orice moment, cu efecte viitoare.<\/p>\n\n\n\n<h4 class=\"wp-block-heading\">8.9 Depunerea unei pl\u00e2ngeri la autoritatea de supraveghere<\/h4>\n\n\n\n<p>Ave\u021bi dreptul de a depune reclama\u021bii la autoritatea de supraveghere responsabil\u0103 cu protec\u021bia datelor cu privire la prelucrarea datelor cu caracter personal de c\u0103tre noi.<\/p>\n\n\n\n<h3 class=\"wp-block-heading\">9. Stocarea, \u0219tergerea \u0219i blocarea datelor cu caracter personal<\/h3>\n\n\n\n<p>Prelucr\u0103m \u0219i stoc\u0103m datele dvs. cu caracter personal doar \u00een perioada de timp necesar\u0103 \u00eendeplinirii scopului de stocare \u0219i conform prevederilor legale care reglementeaz\u0103 activit\u0103\u021bile companiei noastre.<\/p>\n\n\n\n<p>\u00cen cazul \u00een care scopul de stocare nu se mai aplic\u0103 sau expir\u0103 perioada de p\u0103strare obligatorie, datele cu caracter personal vor fi blocate sau \u0219terse \u00een mod automat \u00een conformitate cu prevederile legale.<\/p>\n\n\n\n<h3 class=\"wp-block-heading\">10. Durata de stocare a datelor cu caracter personal<\/h3>\n\n\n\n<p>Criteriul pentru durata de p\u0103strare a datelor cu caracter personal este perioada legal\u0103 de p\u0103strare recomandat\u0103. Odat\u0103 cu expirarea acestei perioade, datele \u00een cauz\u0103 vor fi \u0219terse, cu condi\u021bia ca datele respective s\u0103 nu mai fie necesare \u00een \u00eendeplinirea sau ini\u021bierea contractului.<\/p>\n\n\n\n<p>Prezenta declara\u021bie de confiden\u021bialitate a fost preg\u0103tit\u0103 cu ajutorul software-ului de confiden\u021bialitate: &lt;a href=&#8217;https:\/\/www.audatis-manager.de&#8217;&gt;audatis MANAGER.<\/p>\n\n\n\n<p><\/p>\n\n\n\n<p>V_05-10-2022<\/p>\n","protected":false},"excerpt":{"rendered":"<p>1. Introducere Dorim s\u0103 utiliz\u0103m informa\u021biile de mai jos pentru a v\u0103 oferi, \u00een calitate de \u201epersoan\u0103 vizat\u0103\u201d, o imagine de ansamblu referitoare la utilizarea datelor dumneavoastr\u0103 cu caracter personal \u0219i a drepturilor pe care le ave\u021bi conform legii de protec\u021bie a datelor. Pute\u021bi \u00een general utiliza site-ul nostru web f\u0103r\u0103 a introduce date personale. [&hellip;]<\/p>\n","protected":false},"author":6,"featured_media":0,"parent":0,"menu_order":0,"comment_status":"closed","ping_status":"closed","template":"","meta":{"_acf_changed":false,"footnotes":""},"class_list":["post-4223","page","type-page","status-publish","hentry"],"acf":[],"_links":{"self":[{"href":"https:\/\/www.eckerle-gruppe.com\/ro\/wp-json\/wp\/v2\/pages\/4223","targetHints":{"allow":["GET"]}}],"collection":[{"href":"https:\/\/www.eckerle-gruppe.com\/ro\/wp-json\/wp\/v2\/pages"}],"about":[{"href":"https:\/\/www.eckerle-gruppe.com\/ro\/wp-json\/wp\/v2\/types\/page"}],"author":[{"embeddable":true,"href":"https:\/\/www.eckerle-gruppe.com\/ro\/wp-json\/wp\/v2\/users\/6"}],"replies":[{"embeddable":true,"href":"https:\/\/www.eckerle-gruppe.com\/ro\/wp-json\/wp\/v2\/comments?post=4223"}],"version-history":[{"count":7,"href":"https:\/\/www.eckerle-gruppe.com\/ro\/wp-json\/wp\/v2\/pages\/4223\/revisions"}],"predecessor-version":[{"id":9217,"href":"https:\/\/www.eckerle-gruppe.com\/ro\/wp-json\/wp\/v2\/pages\/4223\/revisions\/9217"}],"wp:attachment":[{"href":"https:\/\/www.eckerle-gruppe.com\/ro\/wp-json\/wp\/v2\/media?parent=4223"}],"curies":[{"name":"wp","href":"https:\/\/api.w.org\/{rel}","templated":true}]}}