{"id":4206,"date":"2021-08-30T19:05:44","date_gmt":"2021-08-30T19:05:44","guid":{"rendered":"https:\/\/www.eckerle-gruppe.com\/?page_id=4206"},"modified":"2026-02-20T08:58:07","modified_gmt":"2026-02-20T08:58:07","slug":"mediul","status":"publish","type":"page","link":"https:\/\/www.eckerle-gruppe.com\/ro\/mediul\/","title":{"rendered":"Mediul"},"content":{"rendered":"\n<p><strong>INFORMA\u021aII GENERALE<\/strong><\/p>\n\n\n\n<p class=\"has-text-align-left\">Mediul \u0219i energia sunt p\u0103r\u021bi importante ale g\u00e2ndurilor \u0219i ac\u021biunilor noastre. Ne indeplinim cu to\u0163ii angajamentul fa\u0163\u0103 de legile \u015fi standardele sociale. P\u0103strarea unui mediu care merit\u0103 tr\u0103it este o preocupare esen\u021bial\u0103 \u0219i o sarcin\u0103 continu\u0103 pentru noi.<br><br><em>&#8222;Nu exist\u0103 a\u0219a ceva ca o mic\u0103 responsabilitate: fiecare \u2013 la nivelul s\u0103u \u2013 \u00ee\u0219i asum\u0103 \u00eentreaga responsabilitate pentru ceea ce face.&#8221;<\/em><br><br><em>Edouard Michelin, 1996<\/em><br><br>Ne asum\u0103m responsabilitatea pentru ceea ce facem.<\/p>\n\n\n\n<p><strong>MEDIU<\/strong><\/p>\n\n\n\n<p>Managementul opera\u021bional al mediului este o component\u0103 fix\u0103 a politicii companiei noastre. Lucr\u0103m continuu pentru a reduce consumul nostru de energie \u0219i ap\u0103 \u0219i pentru a cre\u0219te ratele de reciclare. \u00cen timpul produc\u021biei, prioritiz\u0103m minimizarea de\u0219eurilor, a apelor uzate, a zgomotului \u0219i altor emisii nocive, protej\u00e2nd \u00een acela\u0219i timp s\u0103n\u0103tatea \u0219i siguran\u021ba angaja\u021bilor no\u0219tri.<br><br>Recunoa\u0219tem provoc\u0103rile generate de schimb\u0103rile climatice \u0219i ne angaj\u0103m s\u0103 minimiz\u0103m impactul acestora prin practici durabile \u0219i m\u0103suri proactive.<\/p>\n\n\n\n<p><strong>ENERGIE<\/strong><\/p>\n\n\n\n<p>Ne angaj\u0103m s\u0103 ne \u00eembun\u0103t\u0103\u021bim continuu performan\u021ba energetic\u0103 \u0219i s\u0103 cre\u0219tem sistematic eficien\u021ba energetic\u0103 printr-un proces de \u00eembun\u0103t\u0103\u021bire continu\u0103. <br><br>Monitoriz\u0103m regulat consumul nostru de energie \u0219i identific\u0103m oportunit\u0103\u021bi de economisire. Politica noastr\u0103 energetic\u0103 urm\u0103re\u0219te opera\u021biuni neutre din punct de vedere al emisiilor de CO2 (emisii Scope 1 \u0219i 2) \u0219i cre\u0219terea eficien\u021bei energetice prin ini\u021biative.<br><br>Toate persoanele care lucreaz\u0103 pentru \u0219i \u00een numele companiei noastre sunt obligate s\u0103 urmeze aceste linii directoare \u0219i sunt \u00eencurajate s\u0103 coopereze activ pentru \u00eendeplinirea obiectivelor \u0219i \u021bintelor noastre ambi\u021bioase.<\/p>\n\n\n\n<p><strong>STRATEGIA DE SUSTENABILITATE \u0218I ORGANIZARE \u2013 PRETTL GO ZERO<\/strong><\/p>\n\n\n\n<p>Noi, Grupul Eckerle, facem parte din Grupul Prettl \u0219i, prin urmare, urm\u0103rim ini\u021biativa PRETTL GoZero. Proiectul descrie drumul Grupului c\u0103tre neutralitatea climatic\u0103 \u00een cele patru domenii: de eficien\u021ba energetic\u0103, energii regenerabile, electricitatea verde \u0219i m\u0103suri compensatorii.<\/p>\n\n\n\n<p><\/p>\n\n\n\n<p><strong>CICLU DE PRODUC\u021aIE DURABIL<\/strong><\/p>\n\n\n\n<p>\u00cencepem acolo unde impactul asupra mediului are loc. Din faza de dezvoltare a produselor, ne alegem furnizorii \u00eempreun\u0103 cu clien\u0163ii no\u1e63tri \u1e63i ne asigur\u0103m c\u0103 ace\u1e63tia respect\u0103 regulile de mediu, la fel ca \u1e63i noi.<\/p>\n\n\n\n<p><strong>ANGAJAMENT ORIENTAT SPRE VIITOR<\/strong><\/p>\n\n\n\n<p>Ne angaj\u0103m s\u0103 respect\u0103m cerin\u0163ele legale \u1e63i regulile oficiale \u1e63i s\u0103 lucr\u0103m \u00een cooperare cu organiza\u0163iile \u015fi institu\u0163iile relevante. Consider\u0103m aceste cerin\u0163e \u015fi reguli minime necesare pentru a utiliza resursele naturale, materialele \u1e63i energia cu modera\u0163ie. Reprezent\u0103m public aceast\u0103 misiune \u1e63i men\u0163inem un dialog deschis cu toate par\u0163ile interesate, inclusiv: angaja\u021bi, clien\u021bi, vecini, autorit\u0103\u021bi \u0219i orice alte p\u0103r\u021bi interesate.<\/p>\n\n\n\n<p><strong>PENTRU A SUS\u021aINE ACEAST\u0102 POLITIC\u0102, NE-AM PROPUS URM\u0102TORUL SCOP:<\/strong><\/p>\n\n\n\n<ul class=\"wp-block-list\">\n<li>Identific\u0103m riscurile de mediu \u0219i cele climatice din propria noastr\u0103 zon\u0103 de afaceri \u0219i din lan\u021bul de aprovizionare \u0219i le contracar\u0103m prin m\u0103suri adecvate<br><\/li>\n\n\n\n<li>Pentru a proteja ecosistemele in scopul conservarii habitatele umane \u0219i a animalelor. Ne recunoa\u0219tem responsabilitatea \u0219i dorim s\u0103 contribuim la conservarea biodiversit\u0103\u021bii \u0219i lan\u021burile de aprovizionare f\u0103r\u0103 defri\u0219\u0103ri. Ne angaj\u0103m s\u0103 evit\u0103m \u0219i s\u0103 reducem emisiile de lumin\u0103 \u0219i zgomot, precum \u0219i emisiile nocive \u00een aer, ap\u0103 \u0219i sol.<br><\/li>\n\n\n\n<li>Pentru a contribui la modelarea tranzi\u021biei energetice \u0219i la reducerea emisiilor provenite din procese prin cre\u0219terea competen\u021bei \u00een sectorul energetic.<br><\/li>\n\n\n\n<li>Optimizarea bazei de date de mediu \u0219i energie pentru a defini indicatori-cheie m\u0103surabili \u0219i specifici pentru a controla atingerea \u021bintelor, s\u0103 ob\u021bin\u0103 m\u0103suri pentru \u00eembun\u0103t\u0103\u021birea continu\u0103 \u0219i s\u0103 permit\u0103 raport\u0103ri transparente \u0219i consistente privind mediul \u0219i energia.<br><\/li>\n\n\n\n<li>Pentru a sus\u021bine aceste activit\u0103\u021bi la toate nivelurile companiei, ne angaj\u0103m s\u0103 men\u021binem certificarea noastr\u0103 ISO14001 Environment Management System.<\/li>\n<\/ul>\n\n\n\n<figure class=\"wp-block-image size-full\"><img loading=\"lazy\" decoding=\"async\" width=\"568\" height=\"227\" src=\"https:\/\/www.eckerle-gruppe.com\/wp-content\/uploads\/2021\/08\/prettl_gozero_logo-1.jpg\" alt=\"\" class=\"wp-image-4207\" srcset=\"https:\/\/www.eckerle-gruppe.com\/wp-content\/uploads\/2021\/08\/prettl_gozero_logo-1.jpg 568w, https:\/\/www.eckerle-gruppe.com\/wp-content\/uploads\/2021\/08\/prettl_gozero_logo-1-300x120.jpg 300w\" sizes=\"auto, (max-width: 568px) 100vw, 568px\" \/><\/figure>\n\n\n\n<p>&nbsp;<\/p>\n\n\n\n<p><a href=\"https:\/\/www.eckerle-gruppe.com\/wp-content\/uploads\/2026\/02\/V3_POLITICA_DE_MEDIU_SI_ENERGIE_RO_2026-1.pdf\" target=\"_blank\" rel=\"noreferrer noopener\">Mediu Si Energie<\/a><\/p>\n","protected":false},"excerpt":{"rendered":"<p>INFORMA\u021aII GENERALE Mediul \u0219i energia sunt p\u0103r\u021bi importante ale g\u00e2ndurilor \u0219i ac\u021biunilor noastre. Ne indeplinim cu to\u0163ii angajamentul fa\u0163\u0103 de legile \u015fi standardele sociale. P\u0103strarea unui mediu care merit\u0103 tr\u0103it este o preocupare esen\u021bial\u0103 \u0219i o sarcin\u0103 continu\u0103 pentru noi. &#8222;Nu exist\u0103 a\u0219a ceva ca o mic\u0103 responsabilitate: fiecare \u2013 la nivelul s\u0103u \u2013 \u00ee\u0219i [&hellip;]<\/p>\n","protected":false},"author":6,"featured_media":0,"parent":0,"menu_order":0,"comment_status":"closed","ping_status":"closed","template":"","meta":{"_acf_changed":false,"footnotes":""},"class_list":["post-4206","page","type-page","status-publish","hentry"],"acf":[],"_links":{"self":[{"href":"https:\/\/www.eckerle-gruppe.com\/ro\/wp-json\/wp\/v2\/pages\/4206","targetHints":{"allow":["GET"]}}],"collection":[{"href":"https:\/\/www.eckerle-gruppe.com\/ro\/wp-json\/wp\/v2\/pages"}],"about":[{"href":"https:\/\/www.eckerle-gruppe.com\/ro\/wp-json\/wp\/v2\/types\/page"}],"author":[{"embeddable":true,"href":"https:\/\/www.eckerle-gruppe.com\/ro\/wp-json\/wp\/v2\/users\/6"}],"replies":[{"embeddable":true,"href":"https:\/\/www.eckerle-gruppe.com\/ro\/wp-json\/wp\/v2\/comments?post=4206"}],"version-history":[{"count":13,"href":"https:\/\/www.eckerle-gruppe.com\/ro\/wp-json\/wp\/v2\/pages\/4206\/revisions"}],"predecessor-version":[{"id":10262,"href":"https:\/\/www.eckerle-gruppe.com\/ro\/wp-json\/wp\/v2\/pages\/4206\/revisions\/10262"}],"wp:attachment":[{"href":"https:\/\/www.eckerle-gruppe.com\/ro\/wp-json\/wp\/v2\/media?parent=4206"}],"curies":[{"name":"wp","href":"https:\/\/api.w.org\/{rel}","templated":true}]}}